{"id":38932,"date":"2019-07-10T22:50:05","date_gmt":"2019-07-10T20:50:05","guid":{"rendered":"http:\/\/dev-sebastienloeb.charlottejourdain.fr\/?page_id=38932"},"modified":"2019-07-14T14:39:55","modified_gmt":"2019-07-14T12:39:55","slug":"commitments","status":"publish","type":"page","link":"https:\/\/www.sebastienloeb.com\/en\/commitments\/","title":{"rendered":"Commitments"},"content":{"rendered":"<p>[et_pb_section fb_built=&#8221;1&#8243; _builder_version=&#8221;3.22.7&#8243; use_background_color_gradient=&#8221;on&#8221; background_color_gradient_start=&#8221;#4a9cce&#8221; background_color_gradient_end=&#8221;#ffffff&#8221; background_color_gradient_end_position=&#8221;95%&#8221; custom_margin=&#8221;||&#8221; custom_margin_tablet=&#8221;-35px|||&#8221; custom_margin_last_edited=&#8221;on|tablet&#8221;][et_pb_row custom_margin=&#8221;||25px&#8221; _builder_version=&#8221;3.25&#8243;][et_pb_column type=&#8221;4_4&#8243; _builder_version=&#8221;3.25&#8243; custom_padding=&#8221;|||&#8221; custom_padding__hover=&#8221;|||&#8221;][et_pb_text _builder_version=&#8221;3.25.4&#8243; text_font=&#8221;Raleway|700|||||||&#8221; text_text_color=&#8221;#000000&#8243; text_font_size=&#8221;18px&#8221; header_font=&#8221;Fjalla One|||on|||||&#8221; header_text_align=&#8221;center&#8221; header_text_color=&#8221;#000000&#8243; header_font_size=&#8221;80px&#8221; text_orientation=&#8221;center&#8221; animation_style=&#8221;fade&#8221; animation_duration=&#8221;1250ms&#8221; header_font_size_tablet=&#8221;70px&#8221; header_font_size_phone=&#8221;50px&#8221; header_font_size_last_edited=&#8221;on|phone&#8221;]<\/p>\n<h1>My commitments<\/h1>\n<p>Charities supported by S\u00e9bastien Loeb[\/et_pb_text][\/et_pb_column][\/et_pb_row][et_pb_row column_structure=&#8221;1_2,1_2&#8243; custom_padding=&#8221;0px||0px&#8221; padding_top_bottom_link_1=&#8221;true&#8221; padding_top_bottom_link_2=&#8221;true&#8221; padding_left_right_link_1=&#8221;true&#8221; padding_left_right_link_2=&#8221;true&#8221; _builder_version=&#8221;3.25&#8243; width=&#8221;55%&#8221; max_width=&#8221;55%&#8221; use_custom_width=&#8221;on&#8221; width_unit=&#8221;off&#8221; custom_width_percent=&#8221;55%&#8221; custom_css_main_1__hover_enabled=&#8221;on&#8221; custom_css_main_1__hover=&#8221;border: 4px solid black;&#8221; custom_css_main_2__hover_enabled=&#8221;on&#8221; custom_css_main_2__hover=&#8221;border: 4px solid black;&#8221;][et_pb_column type=&#8221;1_2&#8243; module_class=&#8221;rv_button&#8221; _builder_version=&#8221;3.25&#8243; background_color=&#8221;#ffffff&#8221; custom_padding=&#8221;25px|25px|25px|25px&#8221; custom_css_main_element=&#8221;cursor: pointer;||border: 4px solid transparent;||transition: all 0.3s ease-in-out;&#8221; custom_padding__hover=&#8221;|||&#8221; custom_css_main_element__hover=&#8221;border: 4px solid black;&#8221; custom_css_main_element__hover_enabled=&#8221;on&#8221;][et_pb_image src=&#8221;http:\/\/www.sebastienloeb.com\/wp-content\/uploads\/2019\/04\/reves.png&#8221; align=&#8221;center&#8221; align_tablet=&#8221;center&#8221; align_last_edited=&#8221;on|desktop&#8221; _builder_version=&#8221;3.25.4&#8243;][\/et_pb_image][et_pb_text _builder_version=&#8221;3.25.4&#8243; text_font=&#8221;|700|||||||&#8221; text_text_color=&#8221;#000000&#8243; text_orientation=&#8221;center&#8221; module_alignment=&#8221;center&#8221;]The charity that fulfills the dreams of seriously ill children[\/et_pb_text][\/et_pb_column][et_pb_column type=&#8221;1_2&#8243; module_class=&#8221;rv_button1&#8243; _builder_version=&#8221;3.25&#8243; background_color=&#8221;#ffffff&#8221; custom_padding=&#8221;25px|25px|25px|25px&#8221; custom_css_main_element=&#8221;cursor: pointer;||border: 4px solid transparent;||transition: all 0.3s ease-in-out;&#8221; custom_padding__hover=&#8221;|||&#8221; custom_css_main_element__hover=&#8221;border: 4px solid black;&#8221; custom_css_main_element__hover_enabled=&#8221;on&#8221;][et_pb_image src=&#8221;http:\/\/www.sebastienloeb.com\/wp-content\/uploads\/2019\/04\/atsa.png&#8221; align=&#8221;center&#8221; align_tablet=&#8221;center&#8221; align_last_edited=&#8221;on|desktop&#8221; _builder_version=&#8221;3.23&#8243;][\/et_pb_image][et_pb_text _builder_version=&#8221;3.25.4&#8243; text_font=&#8221;|700|||||||&#8221; text_text_color=&#8221;#000000&#8243; text_orientation=&#8221;center&#8221; module_alignment=&#8221;center&#8221;]French association<br \/>\nof Angelman Syndrome[\/et_pb_text][\/et_pb_column][\/et_pb_row][\/et_pb_section][et_pb_section fb_built=&#8221;1&#8243; _builder_version=&#8221;3.22.3&#8243; background_image=&#8221;http:\/\/www.sebastienloeb.com\/wp-content\/uploads\/2019\/04\/c1-ime-head.jpg&#8221; custom_margin=&#8221;-22px||&#8221; custom_margin_tablet=&#8221;-35px|||&#8221; custom_margin_last_edited=&#8221;on|tablet&#8221;][et_pb_row _builder_version=&#8221;3.25&#8243;][et_pb_column type=&#8221;4_4&#8243; _builder_version=&#8221;3.25&#8243; custom_padding=&#8221;|||&#8221; custom_padding__hover=&#8221;|||&#8221;][et_pb_divider show_divider=&#8221;off&#8221; _builder_version=&#8221;3.19.17&#8243; custom_css_main_element=&#8221;height: 200px !important;&#8221;][\/et_pb_divider][\/et_pb_column][\/et_pb_row][\/et_pb_section][et_pb_section fb_built=&#8221;1&#8243; module_id=&#8221;reveal&#8221; module_class=&#8221;desc&#8221; _builder_version=&#8221;3.22.3&#8243; custom_padding=&#8221;54px|0px|0|0px|false|false&#8221;][et_pb_row custom_padding=&#8221;27px|0px|75px|0px|false|false&#8221; _builder_version=&#8221;3.25&#8243;][et_pb_column type=&#8221;4_4&#8243; _builder_version=&#8221;3.25&#8243; custom_padding=&#8221;|||&#8221; custom_padding__hover=&#8221;|||&#8221;][et_pb_text _builder_version=&#8221;3.25.4&#8243; text_font=&#8221;|700|||||||&#8221; text_text_color=&#8221;#000000&#8243; custom_margin=&#8221;||50px&#8221;]For many years, S\u00e9bastien Loeb has been a Dream Maker.<br \/>\nS\u00e9bastien is always available to speak about dreams with the children who dream of meeting him.<\/p>\n<p>As a professional athlete, S\u00e9bastien embodies challenge, going beyond personal limits as well as sport values: solidarity, sharing and cooperation. For a charity, benefiting from such support is a strong symbol. Because of his simple and humble personality, he is just like the people who support our beautiful cause. For the employees and volunteers of the charity, it is a real pride to be supported by this champion.<br \/>\n[\/et_pb_text][et_pb_text _builder_version=&#8221;3.25.4&#8243; header_font=&#8221;||||||||&#8221; header_2_font=&#8221;Fira Sans|800|||||||&#8221; header_2_font_size=&#8221;30px&#8221; header_2_line_height=&#8221;1.1em&#8221;]<\/p>\n<h2>Thibault met with S\u00e9bastien Loeb<\/h2>\n<p>[\/et_pb_text][et_pb_text _builder_version=&#8221;3.25.4&#8243; text_font=&#8221;||||||||&#8221; text_text_color=&#8221;#000000&#8243;]\u201cSaturday 27th August 2016 &#8211; we are in the Vosges, France. Thibault and his parents have been here for the last three days, attending the Rallye Vosges, Epinal-La Bresse festival. I can see a curious vehicle coming in the distance, driven by a very happy looking boy. It is Thibault and he is passing the race\u2019s official portal driving his own sophisticated 4&#215;4 electric wheelchair. The crowd is applauding.  Thibault has always had a passion for cars and motor sports.  He knows the names of all the cars, drivers and races. He is playing flicks with his wheelchair and wishes to see competitions organised. He put some questions together for S\u00e9bastien Loeb. As we are having lunch, he is testing my knowledge on the subject and I have to admit I don\u2019t know as much as he does about rallies! <\/p>\n<p>We must wait a little before the actual meeting, so we are walking towards the official portal where Thibault can see the cars arriving and greets the drivers as they pass. The time is approaching and we are heading towards S\u00e9bastien Loeb\u2019s stand.  The wait is eased by the attention towards the little boy: he is invited inside where the public do not have access. Citro\u00ebn Director offers him a \u2018Pirelli\u2019 cap and then makes him try S\u00e9bastien Loeb\u2019s helmet. A smile from ear to ear appears. We take some nice pictures in front of the legendary 205. <\/p>\n<p>Suddenly, S\u00e9bastien appears, along with his wife Severine. Thibault is really impressed when S\u00e9bastien comes to him to say hi and engages him warmly. Thibault then asks his questions he prepared. S\u00e9bastien replies to each of his questions and they take time to chat with Thibault and his parents. S\u00e9bastien is moved by Thibault\u2019s life story and decides to give him his cap and signs it as well as Thibault\u2019s questionnaire. Thibault is really happy. He later told his parents (who discreetly shared this with me) that he was so happy he wanted to cry! <\/p>\n<p>S\u00e9bastien is very busy and must depart. He invites Thibault to meet him again at the final of the RoadShow later in the day. Thibault goes back to his hotel with his parents to rest after so much emotion. <\/p>\n<p>Two hours later we are meeting about ten kilometres from the village of Bresse, at the foothills of the ski lifts. The crowd is invited to move away from the arrival track of the RoadShow whereas Thibault is invited to have a special seat on the front row. He is offered the official signage of the event. He can then wave to his idol one last time as he is passing in his 205 and Sebastien waves back during his last run.\u201d <\/p>\n<p><strong>Claire, volunteer travel companion<\/strong><\/p>\n<p><strong>Date: <\/strong><span>25\/08\/2016<br \/>\n<\/span><strong>First name: <\/strong><span>Thibault<br \/>\n<\/span><strong>Child from: <\/strong><span>Yvelines, France<\/span><br \/>\n<strong>Child\u2019s age when his dream was fulfilled: <\/strong><span>9 years old<\/span><br \/>\n<strong>Sponsored by: <\/strong><span>Ligue contre le cancer 2016 (national cancer fighting charity)<\/span><br \/>\n<strong>Dream Ref 4900 <\/strong>[\/et_pb_text][et_pb_text _builder_version=&#8221;3.25.4&#8243;]<a class=\"perso-button\" href=\"http:\/\/www.reves.fr\/\" target=\"_blank\" rel=\"noopener noreferrer\">Support the charity<\/a>[\/et_pb_text][\/et_pb_column][\/et_pb_row][et_pb_row column_structure=&#8221;1_2,1_2&#8243; use_custom_gutter=&#8221;on&#8221; gutter_width=&#8221;1&#8243; custom_padding=&#8221;27px|0px|0|0px|false|false&#8221; module_class=&#8221; et_pb_row_fullwidth&#8221; _builder_version=&#8221;3.25&#8243; width=&#8221;100%&#8221; width_tablet=&#8221;100%&#8221; width_last_edited=&#8221;on|desktop&#8221; max_width=&#8221;100%&#8221; max_width_tablet=&#8221;100%&#8221; max_width_last_edited=&#8221;on|desktop&#8221; make_fullwidth=&#8221;on&#8221;][et_pb_column type=&#8221;1_2&#8243; _builder_version=&#8221;3.25&#8243; custom_padding=&#8221;|||&#8221; custom_padding__hover=&#8221;|||&#8221;][et_pb_image src=&#8221;http:\/\/www.sebastienloeb.com\/wp-content\/uploads\/2019\/04\/reve_12603_photo1.jpg&#8221; force_fullwidth=&#8221;on&#8221; align_tablet=&#8221;center&#8221; align_last_edited=&#8221;on|desktop&#8221; _builder_version=&#8221;3.23&#8243;][\/et_pb_image][\/et_pb_column][et_pb_column type=&#8221;1_2&#8243; _builder_version=&#8221;3.25&#8243; custom_padding=&#8221;|||&#8221; custom_padding__hover=&#8221;|||&#8221;][et_pb_image src=&#8221;http:\/\/www.sebastienloeb.com\/wp-content\/uploads\/2019\/04\/reve-1.jpg&#8221; force_fullwidth=&#8221;on&#8221; align_tablet=&#8221;center&#8221; align_last_edited=&#8221;on|desktop&#8221; _builder_version=&#8221;3.23&#8243;][\/et_pb_image][\/et_pb_column][\/et_pb_row][\/et_pb_section][et_pb_section fb_built=&#8221;1&#8243; module_id=&#8221;reveal1&#8243; module_class=&#8221;desc1&#8243; _builder_version=&#8221;3.22.3&#8243; custom_padding=&#8221;54px|0px|0|0px|false|false&#8221;][et_pb_row custom_padding=&#8221;27px|0px|75px|0px|false|false&#8221; _builder_version=&#8221;3.25&#8243;][et_pb_column type=&#8221;4_4&#8243; _builder_version=&#8221;3.25&#8243; custom_padding=&#8221;|||&#8221; custom_padding__hover=&#8221;|||&#8221;][et_pb_text _builder_version=&#8221;3.25.4&#8243; header_font=&#8221;||||||||&#8221; header_2_font=&#8221;Fira Sans|800|||||||&#8221; header_2_font_size=&#8221;30px&#8221; header_2_line_height=&#8221;1.1em&#8221;]<\/p>\n<h2>S\u00e9bastien Loeb, a committed sponsor<br \/>\nFor the French Charity<\/br>of Angelman Syndrome (AFSA) <\/h2>\n<p>[\/et_pb_text][et_pb_text _builder_version=&#8221;3.25.4&#8243; text_font=&#8221;||||||||&#8221; text_text_color=&#8221;#000000&#8243;]On December 15th 2015 the campaign is launched for donations to be made to the French charity for AS which S\u00e9bastien Loeb is the official sponsor. This date sets the countdown for the AS official day in France which happens two months later, on February 15th. Through this campaign S\u00e9bastien Loeb provides support again for all the families affected by the rare genetic disorder. <\/p>\n<p>\u201cI am happy to provide assistance to the children of AFSA and to fight against their illness. If I can help families to stay positive then I will be fulfilled. We had a great day during the shooting, it was nice to spend some time with Gatien, the team and the charity. I am giving my full support to AFSA along with S\u00e9bastien Loeb Racing and we will be delighted to welcome children in the future, at races or other events\u201d<br \/>\n<span><strong>Se\u0301bastien LOEB<\/strong><\/span><\/p>\n<p>\u201cCan we imagine a better connection, a more beautiful friendship for a disabled child to build with a great champion, a phenomenal athlete who, looking at them in the eyes, says: \u2018I can see you and I am supporting you in this fight\u2019? From all the children with AS, from their families and friends, a massive thank-you to S\u00e9bastien\u201d<br \/>\n<span><strong>Denise LAPORTE, President of AFSA<\/strong><\/span><\/p>\n<p>It was very important for us to show our son Gatien in this clip but not in a pitying way. The few sequences had to reveal his personality showing his weaknesses and his strengths. We are proud of him and are fighting against AS every single day. We are grateful for S\u00e9bastien Loeb accepting to represent us and to fight with us\u201d<br \/>\n<span><strong>Olivia and Jean-Ste\u0301phane, Gatien\u2019s parents<\/strong><\/span><\/p>\n<p>\u201cThis clip has been especially released to put into light the sponsorship of S\u00e9bastien Loeb. Basically, the concept is to show S\u00e9bastien, motorsport expert, committed to assisting children with motor function disabilities. The parallels I had imagined demanded two distinct sequences that would mirror each other. S\u00e9bastien Loeb, his team and the team of Citro\u00ebn Racing have done us the great honour to shoot absolutely everything we needed. This greatly contributed to the success of the campaign. But the main star remained Gatien, he, as well, had to follow the script and he did marvellously.  His courage, his will and his kindness really impacted the sequences I shot with him. A meeting between S\u00e9bastien and Gatien was essential to conclude the clip and again the technical team did amazing. Finally, I would like to thank AFSA and Gatien\u2019s parents for trusting me and making this long-term project a reality!\u201d<br \/>\n<span><strong>Eric SENMARTIN, director<\/strong><\/span><\/p>\n<p><span><strong>What is Angelman Syndrome?<\/strong><\/span><\/p>\n<p>Angelman Syndrome (AS) is a rare genetic disorder affecting the nervous system resulting from a lack of function of part of chromosome 15. AS affects boys and girls and about 1 birth out of 12,000 to 20,000. The syndrome is based on delayed motor milestones, balance disorder, delay in speech, epilepsy, intellectual and sensorial disorders\u2026 but affected individuals also have a happy disposition with frequent laughter and warmth. <\/p>\n<p><span><strong>Introducing AFSA<\/strong><\/span><\/p>\n<p>Since 1992, the charity has been committed to care for children affected by AS and promote medical and scientific research. The charity, member of Alliance Maladies Rares, represents 600 families and has the aim of assisting families with education and of funding research in collaboration with its Medical and Scientific Council, along with Paramedical and Education Council. The known figure for affected children is above 400 in France. <\/p>\n<p><span><strong>Read more about Angelman Syndrome:<\/strong><br \/>\n<span><strong>Website :<\/strong> <\/span><span><a style=\"color: inherit;\" href=\"http:\/\/angelman-afsa.org\" target=\"_blank\" rel=\"noopener noreferrer\">www.angelman-afsa.org<\/a><br \/>\n<\/span><span><strong>Facebook :<\/strong> <\/span><span>\/syndrome.angelman.afsa<br \/>\n<\/span><span><strong>Twitter :<\/strong> <\/span><span>@AngelmanAFSA <\/span><\/span>[\/et_pb_text][et_pb_text _builder_version=&#8221;3.25.4&#8243;]<a class=\"perso-button\" href=\"http:\/\/angelman-afsa.org\" target=\"_blank\" rel=\"noopener noreferrer\">Support the charity<\/a>[\/et_pb_text][\/et_pb_column][\/et_pb_row][et_pb_row use_custom_gutter=&#8221;on&#8221; gutter_width=&#8221;1&#8243; custom_padding=&#8221;27px|0px|0|0px|false|false&#8221; module_class=&#8221; et_pb_row_fullwidth&#8221; _builder_version=&#8221;3.25&#8243; width=&#8221;100%&#8221; width_tablet=&#8221;100%&#8221; width_last_edited=&#8221;on|desktop&#8221; max_width=&#8221;100%&#8221; max_width_tablet=&#8221;100%&#8221; max_width_last_edited=&#8221;on|desktop&#8221; make_fullwidth=&#8221;on&#8221;][et_pb_column type=&#8221;4_4&#8243; _builder_version=&#8221;3.25&#8243; custom_padding=&#8221;|||&#8221; custom_padding__hover=&#8221;|||&#8221;][et_pb_image src=&#8221;http:\/\/www.sebastienloeb.com\/wp-content\/uploads\/2019\/04\/Angelman.jpg&#8221; align=&#8221;center&#8221; force_fullwidth=&#8221;on&#8221; align_tablet=&#8221;center&#8221; align_last_edited=&#8221;on|desktop&#8221; _builder_version=&#8221;3.23&#8243;][\/et_pb_image][\/et_pb_column][\/et_pb_row][\/et_pb_section]<\/p>\n","protected":false},"excerpt":{"rendered":"<p>My commitments Charities supported by S\u00e9bastien LoebThe charity that fulfills the dreams of seriously ill childrenFrench association of Angelman SyndromeFor many years, S\u00e9bastien Loeb has been a Dream Maker. S\u00e9bastien is always available to speak about dreams with the children who dream of meeting him. As a professional athlete, S\u00e9bastien embodies challenge, going beyond personal [&hellip;]<\/p>\n","protected":false},"author":1,"featured_media":0,"parent":0,"menu_order":0,"comment_status":"closed","ping_status":"closed","template":"","meta":{"_et_pb_use_builder":"on","_et_pb_old_content":"","_et_gb_content_width":"","_monsterinsights_skip_tracking":false,"_monsterinsights_sitenote_active":false,"_monsterinsights_sitenote_note":"","_monsterinsights_sitenote_category":0,"footnotes":""},"class_list":["post-38932","page","type-page","status-publish","hentry"],"aioseo_notices":[],"_links":{"self":[{"href":"https:\/\/www.sebastienloeb.com\/en\/wp-json\/wp\/v2\/pages\/38932","targetHints":{"allow":["GET"]}}],"collection":[{"href":"https:\/\/www.sebastienloeb.com\/en\/wp-json\/wp\/v2\/pages"}],"about":[{"href":"https:\/\/www.sebastienloeb.com\/en\/wp-json\/wp\/v2\/types\/page"}],"author":[{"embeddable":true,"href":"https:\/\/www.sebastienloeb.com\/en\/wp-json\/wp\/v2\/users\/1"}],"replies":[{"embeddable":true,"href":"https:\/\/www.sebastienloeb.com\/en\/wp-json\/wp\/v2\/comments?post=38932"}],"version-history":[{"count":3,"href":"https:\/\/www.sebastienloeb.com\/en\/wp-json\/wp\/v2\/pages\/38932\/revisions"}],"predecessor-version":[{"id":39020,"href":"https:\/\/www.sebastienloeb.com\/en\/wp-json\/wp\/v2\/pages\/38932\/revisions\/39020"}],"wp:attachment":[{"href":"https:\/\/www.sebastienloeb.com\/en\/wp-json\/wp\/v2\/media?parent=38932"}],"curies":[{"name":"wp","href":"https:\/\/api.w.org\/{rel}","templated":true}]}}